{"id":1892,"date":"2020-09-15T11:45:54","date_gmt":"2020-09-15T11:45:54","guid":{"rendered":"http:\/\/www.geraldodebarros.com\/main\/?page_id=1892"},"modified":"2020-10-11T13:53:30","modified_gmt":"2020-10-11T13:53:30","slug":"biografia","status":"publish","type":"page","link":"https:\/\/www.geraldodebarros.com\/main\/?page_id=1892","title":{"rendered":"Biografia"},"content":{"rendered":"\n<p><a href=\"https:\/\/www.geraldodebarros.com\/main\/?page_id=16\">(Biography)<\/a><\/p>\n\n\n<p>Pintor, fot\u00f3grafo e designer brasileiro, Geraldo de Barros (1923-1998) desenvolveu ao longo de seu percurso uma vasta obra onde se revelam suas reflex\u00f5es sobre a cria\u00e7\u00e3o art\u00edstica, a percep\u00e7\u00e3o da imagem e o papel da arte na sociedade. A originalidade, especificidade e atualidade de suas propostas, tanto nas esferas de Arte Concreta, fotografia abstrata e design modular, s\u00e3o hoje reconhecidas nacional e internacionalmente.<\/p>\n\n\n<hr class=\"wp-block-separator\">\n\n<p>Geraldo de Barros tem vinte e dois anos quando inicia seus estudos em desenho e pintura na Associa\u00e7\u00e3o Paulista de Belas Artes de S\u00e3o Paulo (1945). Na busca de representa\u00e7\u00f5es inovadoras, Geraldo de Barros se afasta rapidamente de uma representa\u00e7\u00e3o figurativa expressionista e se interessa pela abstra\u00e7\u00e3o. A incentivo de Mario Pedrosa (1900-1981), ele descobre a arte de Paul Klee (1879-1940) e a teoria da Gestalt. Nessa \u00e9poca, ele come\u00e7a tamb\u00e9m a praticar a fotografia e sua maneira original de pratic\u00e1-la o torna pioneiro da fotografia abstrata brasileira.<\/p>\n\n\n<p>O car\u00e1ter \u00fanico das fotografias apresentadas na exposi\u00e7\u00e3o&nbsp;<em>Fotoforma<\/em> no Museu de Arte Moderna de S\u00e3o Paulo (1951) permite \u00e0 Geraldo Barros receber uma bolsa do governo franc\u00eas dando-o assim a ocasi\u00e3o de permanecer por um ano na Europa.&nbsp;<\/p>\n\n\n<p>Durante este per\u00edodo, ele conhece Fran\u00e7ois Morellet, Max Bill, Morandi, estuda gravura em Paris e se imersa nos originais de Paul Klee.&nbsp;<\/p>\n\n\n<p>De volta ao Brasil, Geraldo de Barros inicia um per\u00edodo de grande atividade, fruto de seus experimentos com a fotografia e imbu\u00eddo dos preceitos geom\u00e9tricos e matem\u00e1ticos aplicados pela Arte Concreta,&nbsp;&nbsp;e funda em S\u00e3o Paulo, junto \u00e0 outros artistas, o grupo de Arte Concreta&nbsp;<em>Ruptura<\/em> (1952), movimento que aborda a representa\u00e7\u00e3o no contexto da moderniza\u00e7\u00e3o que vive o pa\u00eds estes anos. De sua visita \u00e0 escola de Ulm na Alemanha, imaginando o potencial dos preceitos do Bauhaus para contribuir \u00e0 inser\u00e7\u00e3o da arte na sociedade, Geraldo de Barros participa da funda\u00e7\u00e3o da comunidade oper\u00e1ria&nbsp;<em>Unilabor<\/em> (1954-1962) projetando os m\u00f3veis realizados nesta fabrica.&nbsp;<em>Unilabor<\/em> \u00e9 inovadora no contexto brasileiro de ent\u00e3o n\u00e3o somente pelo design criado por Geraldo de Barros, mas tamb\u00e9m&nbsp;&nbsp;por sua gest\u00e3o, cooperativa, na qual todos os funcion\u00e1rios participam de suas decis\u00f5es e de seus benef\u00edcios.<\/p>\n\n\n<p>Com a instala\u00e7\u00e3o da ditadura no pa\u00eds,&nbsp;<em>Unilabor<\/em> se termina e Geraldo de Barros cria&nbsp;<em>Hobjeto<\/em> (1964-1979), empresa na qual ele d\u00e1 prosseguimento \u00e0 seu design de m\u00f3veis. Assumindo uma outra postura em rela\u00e7\u00e3o \u00e0 arte, Geraldo de Barros realiza uma s\u00e9rie de pinturas usando a est\u00e9tica do Pop Art, como ele era ent\u00e3o praticado nos EUA, mas distinguido de sua fonte americana por sua forte conota\u00e7\u00e3o social e pol\u00edtica. Em 1966, ele funda o&nbsp;<em>Grupo Rex<\/em> reunindo artistas interessados nas id\u00e9ias dos movimentos Dada, Pop Art e de Happenings. Neste momento, ele elabora pinturas em grande formato que s\u00e3o produzidas dentro de sua f\u00e1brica de m\u00f3veis \u00e0 partir de outdoors que ele se apropria e repinta. Interessado pelas no\u00e7\u00f5es de escala e industrializa\u00e7\u00e3o, Geraldo de Barros retoma no final dos anos 1970 os preceitos da Arte Concreta e os associa com os de ind\u00fastria, dando origem \u00e0 uma nova s\u00e9rie de pinturas utilizando a&nbsp;<em>F\u00f3rmica<\/em> como material principal.&nbsp;<\/p>\n\n\n<p>Afetado por um primeiro acidente cardiovascular que o paralisa parcialmente, Geraldo de Barros se afasta da dire\u00e7\u00e3o da&nbsp;<em>Hobjeto<\/em> (1979) e continua a desenvolver seu trabalho art\u00edstico. Representante do Brasil na 42\u00aa Bienal de Veneza, com curadoria de Arturo Schwartz (1924-), ele apresenta uma s\u00e9rie de pinturas em f\u00f3rmica intitulada&nbsp;<em>Jogos de Dados&nbsp;<\/em>(1986). \u00c0 partir desta \u00e9poca e at\u00e9 o final de sua vida, sua obra \u00e9 exposta em diversos eventos no Brasil e no exterior, como a exposi\u00e7\u00e3o&nbsp;<em>Geraldo de Barros, pintor e fot\u00f3grafo<\/em> no Mus\u00e9e de l&rsquo;Elys\u00e9e, em Lausanne, Su\u00ed\u00e7a (1993) e a retrospectiva intitulada&nbsp;<em>Geraldo de Barros, fot\u00f3grafo<\/em> no Museu da Imagem e do Som em S\u00e3o Paulo (1994).&nbsp;<\/p>\n\n\n<p>Em 1996, Geraldo de Barros, debilitado por sucessivos ataques cerebrais, retoma seu trabalho fotogr\u00e1fico e produz uma s\u00e9rie intitulada&nbsp;<em>Sobras<\/em>onde ele manipula e reconstr\u00f3i imagens \u00e0 partir de negativos de fotografias de fam\u00edlia. Parte deste trabalho \u00e9 apresentado em exposi\u00e7\u00f5es p\u00f3stumas como a do Museu Ludwig de Col\u00f4nia, Alemanha e a do SESC Pomp\u00e9ia de S\u00e3o Paulo, ambas realizadas em 1999, quando foi lan\u00e7ado o filme sobre sua obra e vida intitulado&nbsp;<em>Sobras em Obras<\/em> realizado pelo cineasta Michel Favre.Desde 1992, a obra de Geraldo de Barros \u00e9 catalogada e arquivada por sua filha, a artista Fabiana de Barros, e por Michel Favre no&nbsp;<em>Arquivo Geraldo de Barros<\/em> sediado em Genebra, Su\u00ed\u00e7a. A partir de 2014, o conjunto de negativos das s\u00e9ries fotogr\u00e1ficas de Geraldo de Barros se encontram no Instituto Moreira Sales, Rio de Janeiro.&nbsp;<\/p>\n","protected":false},"excerpt":{"rendered":"<p>(Biography) Pintor, fot\u00f3grafo e designer brasileiro, Geraldo de Barros (1923-1998) desenvolveu ao longo de seu percurso uma vasta obra onde se revelam suas reflex\u00f5es sobre a cria\u00e7\u00e3o art\u00edstica, a percep\u00e7\u00e3o da imagem e o papel da arte na sociedade. A originalidade, especificidade e atualidade de suas propostas, tanto nas esferas de Arte Concreta, fotografia abstrata [&hellip;]<\/p>\n","protected":false},"author":2,"featured_media":0,"parent":0,"menu_order":0,"comment_status":"closed","ping_status":"closed","template":"","meta":{"footnotes":""},"class_list":["post-1892","page","type-page","status-publish","hentry"],"_links":{"self":[{"href":"https:\/\/www.geraldodebarros.com\/main\/index.php?rest_route=\/wp\/v2\/pages\/1892","targetHints":{"allow":["GET"]}}],"collection":[{"href":"https:\/\/www.geraldodebarros.com\/main\/index.php?rest_route=\/wp\/v2\/pages"}],"about":[{"href":"https:\/\/www.geraldodebarros.com\/main\/index.php?rest_route=\/wp\/v2\/types\/page"}],"author":[{"embeddable":true,"href":"https:\/\/www.geraldodebarros.com\/main\/index.php?rest_route=\/wp\/v2\/users\/2"}],"replies":[{"embeddable":true,"href":"https:\/\/www.geraldodebarros.com\/main\/index.php?rest_route=%2Fwp%2Fv2%2Fcomments&post=1892"}],"version-history":[{"count":4,"href":"https:\/\/www.geraldodebarros.com\/main\/index.php?rest_route=\/wp\/v2\/pages\/1892\/revisions"}],"predecessor-version":[{"id":1913,"href":"https:\/\/www.geraldodebarros.com\/main\/index.php?rest_route=\/wp\/v2\/pages\/1892\/revisions\/1913"}],"wp:attachment":[{"href":"https:\/\/www.geraldodebarros.com\/main\/index.php?rest_route=%2Fwp%2Fv2%2Fmedia&parent=1892"}],"curies":[{"name":"wp","href":"https:\/\/api.w.org\/{rel}","templated":true}]}}